{"id":6635,"date":"2024-10-23T11:10:09","date_gmt":"2024-10-23T11:10:09","guid":{"rendered":"https:\/\/komudesigns.com\/product\/svart-med-rosenblom-copy\/"},"modified":"2026-04-17T15:36:35","modified_gmt":"2026-04-17T14:36:35","slug":"svart-pa-rott","status":"publish","type":"product","link":"https:\/\/komudesigns.com\/en\/product\/svart-pa-rott\/","title":{"rendered":"BLACK ON RED"},"content":{"rendered":"<!--themify_builder_content-->\n<div id=\"themify_builder_content-6635\" data-postid=\"6635\" class=\"themify_builder_content themify_builder_content-6635 themify_builder tf_clear\">\n                    <div  data-lazy=\"1\" class=\"module_row themify_builder_row tb_cifd121 tb_first tf_w\">\n                        <div class=\"row_inner col_align_top tb_col_count_1 tf_box tf_rel\">\n                        <div  data-lazy=\"1\" class=\"module_column tb-column col-full tb_zlno121 first\">\n                            <div  data-lazy=\"1\" class=\"module_subrow themify_builder_sub_row tf_w col_align_top tb_col_count_1 tb_y2aw121\">\n                <div  data-lazy=\"1\" class=\"module_column sub_column col-full tb_8mrg121 first\">\n                    <!-- module accordion -->\n<div  class=\"module module-accordion tb_wjcn121\" data-behavior=\"toggle\" data-lazy=\"1\">\n    \n    <ul class=\"ui module-accordion   transparent\">\n            <li class=\"builder-accordion-active\">\n            <div class=\"accordion-title tf_rel\">\n                <a href=\"#acc-wjcn121-0\" class=\"tb_title_accordion\" aria-controls=\"acc-wjcn121-0-content\" aria-expanded=\"true\">\n                    <i class=\"accordion-icon tf_hide\"><svg  class=\"tf_fa tf-ti-arrow-circle-down\" xmlns:xlink=\"http:\/\/www.w3.org\/1999\/xlink\" aria-hidden=\"true\"><use href=\"#tf-ti-arrow-circle-down\" xlink:href=\"#tf-ti-arrow-circle-down\"><\/use><\/svg><\/i>                    <i class=\"accordion-active-icon\"><svg  class=\"tf_fa tf-ti-arrow-circle-up\" xmlns:xlink=\"http:\/\/www.w3.org\/1999\/xlink\" aria-hidden=\"true\"><use href=\"#tf-ti-arrow-circle-up\" xlink:href=\"#tf-ti-arrow-circle-up\"><\/use><\/svg><\/i>                    <span class=\"accordion-title-wrap\">PRODUCT INFORMATION<\/span>                <\/a>\n            <\/div><!-- .accordion-title -->\n            <div id=\"acc-wjcn121-0-content\" data-id=\"acc-wjcn121-0\" aria-hidden=\"false\" class=\"accordion-content tf_clearfix\">\n                        <div  data-lazy=\"1\" class=\"module_subrow themify_builder_sub_row tf_w col_align_top tb_col_count_1 tb_onua121\">\n                <div  data-lazy=\"1\" class=\"module_column sub_column tb_rxae121 first\">\n                    <!-- module text -->\n<div  class=\"module module-text tb_j4mo121\" data-lazy=\"1\">\n        <div  class=\"tb_text_wrap\">\n        <p>The size of the neckerchief is 84x84 cm including 1 cm of seam allowance. Now available in two different fabric qualities, see \"information\" below.<\/p>\n<p><span style=\"font-weight: bold;\">Sewing suggestions:<\/span> No description from the museum, but according to the picture it is a narrow rolled hem, approx 1 mm. Red fine thread, linen or possible cotton.<br><span style=\"font-weight: bold;\">Measurements of the original:<\/span> 82&#215;82 cm<br><span style=\"font-weight: bold;\">Original in ownership at:<\/span>\u00a0Dalarnas museum<br><span style=\"font-weight: bold;\">Identification number:<\/span>\u00a0DM 06502<br><a href=\"https:\/\/digitaltmuseum.se\/0210212364542\/halsklade\">See the original at DigitaltMuseum<\/a><br><img loading=\"lazy\" decoding=\"async\" class=\"\" title=\"Cc.logo.circle.svg\" src=\"https:\/\/komudesigns.com\/wp-content\/uploads\/2024\/10\/Cc.logo_.circle.svg.png\" alt=\"Cc.logo.circle.svg\" width=\"20\" height=\"20\">\u00a0BY-SA<\/p>\n<p style=\"font-size: 11px;\"><i>The colors of the physical product may differ from the product images as colors may vary depending on lighting and color reproduction between different monitors.<\/i><\/p>\n<h2><img loading=\"lazy\" decoding=\"async\" class=\"alignright wp-image-7062\" style=\"font-size: 16px;\" src=\"https:\/\/komudesigns.com\/wp-content\/uploads\/2024\/10\/oekotex-300x170.jpg\" alt=\"\" width=\"177\" height=\"100\" srcset=\"https:\/\/komudesigns.com\/wp-content\/uploads\/2024\/10\/oekotex-300x170.jpg 300w, https:\/\/komudesigns.com\/wp-content\/uploads\/2024\/10\/oekotex-18x10.jpg 18w, https:\/\/komudesigns.com\/wp-content\/uploads\/2024\/10\/oekotex.jpg 343w\" sizes=\"auto, (max-width: 177px) 100vw, 177px\" \/><\/h2>    <\/div>\n<\/div>\n<!-- \/module text -->        <\/div>\n                    <\/div>\n                    <\/div><!-- .accordion-content -->\n        <\/li>\n        <\/ul>\n\n<\/div><!-- \/module accordion -->        <\/div>\n                    <\/div>\n                <\/div>\n                        <\/div>\n        <\/div>\n                        <div  data-lazy=\"1\" class=\"module_row themify_builder_row tb_zetx579 tf_w\">\n                        <div class=\"row_inner col_align_top tb_col_count_1 tf_box tf_rel\">\n                        <div  data-lazy=\"1\" class=\"module_column tb-column col-full tb_v409579 first\">\n                            <div  data-lazy=\"1\" class=\"module_subrow themify_builder_sub_row tf_w col_align_top tb_col_count_2 tb_l5xa579\">\n                <div  data-lazy=\"1\" class=\"module_column sub_column col4-2 tb_ajsc579 first\">\n                    <!-- module accordion -->\n<div  class=\"module module-accordion tb_rh2o579\" data-behavior=\"toggle\" data-lazy=\"1\">\n    \n    <ul class=\"ui module-accordion   transparent\">\n            <li class=\"builder-accordion-active\">\n            <div class=\"accordion-title tf_rel\">\n                <a href=\"#acc-rh2o579-0\" class=\"tb_title_accordion\" aria-controls=\"acc-rh2o579-0-content\" aria-expanded=\"true\">\n                    <i class=\"accordion-icon tf_hide\"><svg  class=\"tf_fa tf-ti-arrow-circle-down\" xmlns:xlink=\"http:\/\/www.w3.org\/1999\/xlink\" aria-hidden=\"true\"><use href=\"#tf-ti-arrow-circle-down\" xlink:href=\"#tf-ti-arrow-circle-down\"><\/use><\/svg><\/i>                    <i class=\"accordion-active-icon\"><svg  class=\"tf_fa tf-ti-arrow-circle-up\" xmlns:xlink=\"http:\/\/www.w3.org\/1999\/xlink\" aria-hidden=\"true\"><use href=\"#tf-ti-arrow-circle-up\" xlink:href=\"#tf-ti-arrow-circle-up\"><\/use><\/svg><\/i>                    <span class=\"accordion-title-wrap\">INFORMATION<\/span>                <\/a>\n            <\/div><!-- .accordion-title -->\n            <div id=\"acc-rh2o579-0-content\" data-id=\"acc-rh2o579-0\" aria-hidden=\"false\" class=\"accordion-content tf_clearfix\">\n                        <div  data-lazy=\"1\" class=\"module_subrow themify_builder_sub_row tf_w col_align_top tb_col_count_1 tb_s3x5579\">\n                <div  data-lazy=\"1\" class=\"module_column sub_column col-full tb_8bk0579 first\">\n                    <!-- module text -->\n<div  class=\"module module-text tb_ailf579\" data-lazy=\"1\">\n        <div  class=\"tb_text_wrap\">\n        <h6 style=\"text-align: center;\">New! Choose the fabric quality<\/h6>    <\/div>\n<\/div>\n<!-- \/module text -->        <\/div>\n                    <\/div>\n                <div  data-lazy=\"1\" class=\"module_subrow themify_builder_sub_row tf_w col_align_top tb_col_count_2 tb_tyjo579\">\n                <div  data-lazy=\"1\" class=\"module_column sub_column col4-2 tb_u7ik579 first\">\n                    <!-- module text -->\n<div  class=\"module module-text tb_tmg5579\" data-lazy=\"1\">\n        <div  class=\"tb_text_wrap\">\n        <h4 style=\"text-align: center;\">voile &#8211; 77 g<\/h4>    <\/div>\n<\/div>\n<!-- \/module text --><!-- module image -->\n<div  class=\"module module-image tb_l8zg579 image-top   tf_mw\" data-lazy=\"1\">\n        <div class=\"image-wrap tf_rel tf_mw\">\n            <img loading=\"lazy\" decoding=\"async\" width=\"654\" height=\"654\" src=\"https:\/\/komudesigns.com\/wp-content\/uploads\/2026\/04\/voile.jpg\" class=\"wp-post-image wp-image-8581\" title=\"voile\" alt=\"voile\" srcset=\"https:\/\/komudesigns.com\/wp-content\/uploads\/2026\/04\/voile.jpg 654w, https:\/\/komudesigns.com\/wp-content\/uploads\/2026\/04\/voile-300x300.jpg 300w, https:\/\/komudesigns.com\/wp-content\/uploads\/2026\/04\/voile-80x80.jpg 80w, https:\/\/komudesigns.com\/wp-content\/uploads\/2026\/04\/voile-12x12.jpg 12w, https:\/\/komudesigns.com\/wp-content\/uploads\/2026\/04\/voile-100x100.jpg 100w\" sizes=\"auto, (max-width: 654px) 100vw, 654px\" \/>    \n        <\/div>\n    <!-- \/image-wrap -->\n    \n        <\/div>\n<!-- \/module image --><!-- module text -->\n<div  class=\"module module-text tb_p2ys73\" data-lazy=\"1\">\n        <div  class=\"tb_text_wrap\">\n        <p>Airy, delicate cotton fabric with a soft drape. This is a slightly transparent fabric with a very smooth surface that is best suited for neckerchiefs and possibly aprons.\u00a0<span style=\"letter-spacing: 0.6px; background-color: initial; color: inherit;\">Not as well suited to clothing unless these are to be very thin.<\/span><\/p>\n<p><span style=\"font-weight: bold;\">Print width:<\/span> 138 cm<br><strong style=\"letter-spacing: 0.6px;\">Weight<\/strong>: 77 g\/m2<br><strong>Threads per decimetre:<\/strong> 366 x 368<\/p>    <\/div>\n<\/div>\n<!-- \/module text -->        <\/div>\n                    <div  data-lazy=\"1\" class=\"module_column sub_column col4-2 tb_iur7579 last\">\n                    <!-- module text -->\n<div  class=\"module module-text tb_fxg3579\" data-lazy=\"1\">\n        <div  class=\"tb_text_wrap\">\n        <h4 style=\"text-align: center;\">Cretonne - 121 g<\/h4>    <\/div>\n<\/div>\n<!-- \/module text --><!-- module image -->\n<div  class=\"module module-image tb_31gb579 image-top   tf_mw\" data-lazy=\"1\">\n        <div class=\"image-wrap tf_rel tf_mw\">\n            <img loading=\"lazy\" decoding=\"async\" width=\"654\" height=\"654\" src=\"https:\/\/komudesigns.com\/wp-content\/uploads\/2026\/04\/cretonne.jpg\" class=\"wp-post-image wp-image-8578\" title=\"cretonne\" alt=\"cretonne\" srcset=\"https:\/\/komudesigns.com\/wp-content\/uploads\/2026\/04\/cretonne.jpg 654w, https:\/\/komudesigns.com\/wp-content\/uploads\/2026\/04\/cretonne-300x300.jpg 300w, https:\/\/komudesigns.com\/wp-content\/uploads\/2026\/04\/cretonne-80x80.jpg 80w, https:\/\/komudesigns.com\/wp-content\/uploads\/2026\/04\/cretonne-12x12.jpg 12w, https:\/\/komudesigns.com\/wp-content\/uploads\/2026\/04\/cretonne-100x100.jpg 100w\" sizes=\"auto, (max-width: 654px) 100vw, 654px\" \/>    \n        <\/div>\n    <!-- \/image-wrap -->\n    \n        <\/div>\n<!-- \/module image --><!-- module text -->\n<div  class=\"module module-text tb_7ile579\" data-lazy=\"1\">\n        <div  class=\"tb_text_wrap\">\n        <p>Slightly stiffer cotton fabric with a slightly drape. Smooth but with slightly coarser threads than the thinner fabric, not transparent. The fabric is best suited for bodices other items of clothing and for neckerchiefs if you want these a little stiffer.<\/p>\n<p><span style=\"font-weight: bold;\">Print width:<\/span> 154 cm<br><strong style=\"letter-spacing: 0.6px;\">Weight<\/strong><span style=\"letter-spacing: 0.6px;\">: 121 g\/m2<\/span><br><strong>Threads per decimetre:<\/strong> 302 x 272<\/p>    <\/div>\n<\/div>\n<!-- \/module text -->        <\/div>\n                    <\/div>\n                <div  data-lazy=\"1\" class=\"module_subrow themify_builder_sub_row tf_w col_align_top tb_col_count_1 tb_z0z6579\">\n                <div  data-lazy=\"1\" class=\"module_column sub_column tb_tl0a579 first\">\n                    <!-- module text -->\n<div  class=\"module module-text tb_21qe579\" data-lazy=\"1\">\n        <div  class=\"tb_text_wrap\">\n        <p><strong><span style=\"font-weight: bold;\">100% cotton, plain-weave<\/span><\/strong><br><span style=\"font-weight: bold;\">Printing:<\/span>\u00a0Digital printing with OEKO-TEX certified (water-based) inks. NOTE! Cotton is a natural material that can have small loose fibers in the weave that lie on top of the fabric - therefore small white dots may appear on the finished product. In this case, these are very small and few in number as the fabric is of even, fine quality. This can happen on basically all natural materials with this printing technique.\u00a0<strong><br><span style=\"font-weight: bold;\">Production time:<\/span><\/strong>\u00a03-8 working days<br><span style=\"font-weight: bold;\">Production:<\/span>\u00a0Printed by CottonBee in P\u0142ock, Poland. Produced only to order. No water and minimal electricity and raw materials are used in production. The print is fixed with heat, not chemicals.<br><span style=\"font-weight: bold;\">Washing instructions:<\/span>\u00a0Hand wash only in cold water to avoid shrinkage \u2013 cotton is a natural material that can shrink significantly in hot water (approx. 2%). Do not use detergents with bleach. Products should be washed inside out if possible. It is advisable to sew the edges of your fabric before the first wash, to ensure that the edges do not fray.<\/p>\n<p><span style=\"font-weight: bold;\">ATTENTION! All square neckerchiefs have some \"dead\" space next to the collar depending on its size and fabric quality, as these have different printing width - to make it a little more fun, this area is filled with a random calico print from Ovansj\u00f6. The fabric is great for toile or smaller projects. The neckerchief is therefore not cut out, you have to do that yourself as they are sent directly from Elobina. If you order more than one neckerchief\/fabric these are printed on the same bolt of fabric and are therefore delivered as a single piece of fabric with some dead space inbetween the products.\u00a0<\/span><\/p>\n<p><em>If you have ordered neckerchiefs or fabric before April 2026 these have been printed on Cretonne - 121g, except for Blue Clover neckerchief which is printed on Voile - 77g.<\/em><\/p>    <\/div>\n<\/div>\n<!-- \/module text -->        <\/div>\n                    <\/div>\n                    <\/div><!-- .accordion-content -->\n        <\/li>\n        <\/ul>\n\n<\/div><!-- \/module accordion -->        <\/div>\n                    <div  data-lazy=\"1\" class=\"module_column sub_column col4-2 tb_ie2h579 last\">\n                    <!-- module accordion -->\n<div  class=\"module module-accordion tb_md39579\" data-behavior=\"toggle\" data-lazy=\"1\">\n    \n    <ul class=\"ui module-accordion   transparent\">\n            <li class=\"builder-accordion-active\">\n            <div class=\"accordion-title tf_rel\">\n                <a href=\"#acc-md39579-0\" class=\"tb_title_accordion\" aria-controls=\"acc-md39579-0-content\" aria-expanded=\"true\">\n                    <i class=\"accordion-icon tf_hide\"><svg  class=\"tf_fa tf-ti-arrow-circle-down\" xmlns:xlink=\"http:\/\/www.w3.org\/1999\/xlink\" aria-hidden=\"true\"><use href=\"#tf-ti-arrow-circle-down\" xlink:href=\"#tf-ti-arrow-circle-down\"><\/use><\/svg><\/i>                    <i class=\"accordion-active-icon\"><svg  class=\"tf_fa tf-ti-arrow-circle-up\" xmlns:xlink=\"http:\/\/www.w3.org\/1999\/xlink\" aria-hidden=\"true\"><use href=\"#tf-ti-arrow-circle-up\" xlink:href=\"#tf-ti-arrow-circle-up\"><\/use><\/svg><\/i>                    <span class=\"accordion-title-wrap\">DELIVERY<\/span>                <\/a>\n            <\/div><!-- .accordion-title -->\n            <div id=\"acc-md39579-0-content\" data-id=\"acc-md39579-0\" aria-hidden=\"false\" class=\"accordion-content tf_clearfix\">\n                        <div  data-lazy=\"1\" class=\"module_subrow themify_builder_sub_row tf_w col_align_top tb_col_count_1 tb_tkfg579\">\n                <div  data-lazy=\"1\" class=\"module_column sub_column tb_0o4v579 first\">\n                    <!-- module text -->\n<div  class=\"module module-text tb_28ew579\" data-lazy=\"1\">\n        <div  class=\"tb_text_wrap\">\n        <p><span style=\"font-weight: bold;\">Delivery time:<\/span> Your neckerchiefs will be ordered from the printing house within 3 business days. After that, production takes about 3-8 days. The neckerchiefs are shipped directly from the printing house in Poland and takes about 3-5 business days.<br><span style=\"font-weight: bold;\">Shipping:<\/span>\u00a0<span style=\"letter-spacing: 0.6px; background-color: initial; color: inherit;\">159 SEK within Sweden. Sent with UPS or FedEx with tracking. Shipping costs to other countries is calculated at checkout.<\/span><\/p>    <\/div>\n<\/div>\n<!-- \/module text -->        <\/div>\n                    <\/div>\n                    <\/div><!-- .accordion-content -->\n        <\/li>\n        <\/ul>\n\n<\/div><!-- \/module accordion --><!-- module accordion -->\n<div  class=\"module module-accordion tb_aqb8579\" data-behavior=\"toggle\" data-lazy=\"1\">\n    \n    <ul class=\"ui module-accordion   transparent\">\n            <li>\n            <div class=\"accordion-title tf_rel\">\n                <a href=\"#acc-aqb8579-0\" class=\"tb_title_accordion\" aria-controls=\"acc-aqb8579-0-content\" aria-expanded=\"false\">\n                    <i class=\"accordion-icon\"><svg  class=\"tf_fa tf-ti-arrow-circle-down\" xmlns:xlink=\"http:\/\/www.w3.org\/1999\/xlink\" aria-hidden=\"true\"><use href=\"#tf-ti-arrow-circle-down\" xlink:href=\"#tf-ti-arrow-circle-down\"><\/use><\/svg><\/i>                    <i class=\"accordion-active-icon tf_hide\"><svg  class=\"tf_fa tf-ti-arrow-circle-up\" xmlns:xlink=\"http:\/\/www.w3.org\/1999\/xlink\" aria-hidden=\"true\"><use href=\"#tf-ti-arrow-circle-up\" xlink:href=\"#tf-ti-arrow-circle-up\"><\/use><\/svg><\/i>                    <span class=\"accordion-title-wrap\">LICENSE<\/span>                <\/a>\n            <\/div><!-- .accordion-title -->\n            <div id=\"acc-aqb8579-0-content\" data-id=\"acc-aqb8579-0\" aria-hidden=\"true\" class=\"accordion-content tf_hide tf_clearfix\">\n                        <div  data-lazy=\"1\" class=\"module_subrow themify_builder_sub_row tf_w col_align_top tb_col_count_1 tb_hgsl579\">\n                <div  data-lazy=\"1\" class=\"module_column sub_column tb_8pdy579 first\">\n                    <!-- module text -->\n<div  class=\"module module-text tb_gaoc579\" data-lazy=\"1\">\n        <div  class=\"tb_text_wrap\">\n        <p><strong><span style=\"font-weight: bold;\">Photo of original:<br \/><\/span><\/strong><strong><a href=\"https:\/\/digitaltmuseum.se\/011023525522\/halsklade\">Halskl\u00e4de<\/a><\/strong> &#8211; Nordiska Museet<strong><br \/><\/strong>Fotograf: Eriksson, Elisabeth \/ Nordiska Museet<br \/>License: <a href=\"https:\/\/creativecommons.org\/licenses\/by\/4.0\/deed.sv\"><b><img loading=\"lazy\" decoding=\"async\" class=\"\" title=\"Cc.logo.circle.svg\" src=\"https:\/\/komudesigns.com\/wp-content\/uploads\/2024\/10\/Cc.logo_.circle.svg.png\" alt=\"Cc.logo.circle.svg\" width=\"20\" height=\"20\" \/>\u00a0BY-SA<\/b><\/a><\/p><p><em>The image is cropped and has been combined with a caption<\/em><\/p><p><span style=\"font-weight: bold;\">Physical product:<br \/><\/span><span style=\"letter-spacing: 0.6px;\">The printed neckerchief has been drawn by me with the image above as reference<br \/><\/span><\/p><p><span style=\"font-weight: bold;\">Product photos:<\/span><span style=\"font-weight: bold;\"><br \/><\/span><span style=\"background-color: initial; color: inherit; letter-spacing: 0.6px;\">Photographer: Dahlberg, Madelene \/ KOMUDESIGNS<\/span><\/p>    <\/div>\n<\/div>\n<!-- \/module text -->        <\/div>\n                    <\/div>\n                    <\/div><!-- .accordion-content -->\n        <\/li>\n        <\/ul>\n\n<\/div><!-- \/module accordion -->        <\/div>\n                    <\/div>\n                <\/div>\n                        <\/div>\n        <\/div>\n        <\/div>\n<!--\/themify_builder_content-->","protected":false},"excerpt":{"rendered":"<h4 style=\"font-size: 13px;\">Based on an original from G\u00e5rdvik in Sv\u00e4rdsj\u00f6, Dalarna - Unknown age<\/h4>\n<p>Reproduction print, unhemmed calico neckerchief in 100% cotton. Red black fantasy flowers in the center and border. Now available in two fabric qualities<\/p>","protected":false},"featured_media":7603,"template":"","meta":[],"product_brand":[],"product_cat":[557,528],"product_tag":[543],"class_list":{"0":"post-6635","1":"product","2":"type-product","3":"status-publish","4":"has-post-thumbnail","6":"product_cat-dam","7":"product_cat-halskladen","8":"product_tag-svardsjo-dalarna","9":"product_shipping_class-cottonbee","10":"has-post-title","11":"has-post-date","12":"has-post-category","13":"has-post-tag","14":"has-post-comment","15":"has-post-author","16":"","18":"first","19":"instock","20":"taxable","21":"shipping-taxable","22":"purchasable","23":"product-type-variable"},"yoast_head":"<!-- This site is optimized with the Yoast SEO plugin v27.4 - https:\/\/yoast.com\/product\/yoast-seo-wordpress\/ -->\n<title>SVART P\u00c5 R\u00d6TT - KOMUDESIGNS<\/title>\n<meta name=\"description\" content=\"Nytryckt kattunhalskl\u00e4de med svarta fantasiblommor fr\u00e5n Sv\u00e4rdsj\u00f6, Dalarna\" \/>\n<meta name=\"robots\" content=\"index, follow, max-snippet:-1, max-image-preview:large, max-video-preview:-1\" \/>\n<link rel=\"canonical\" href=\"https:\/\/komudesigns.com\/en\/product\/svart-pa-rott\/\" \/>\n<meta property=\"og:locale\" content=\"en_GB\" \/>\n<meta property=\"og:type\" content=\"article\" \/>\n<meta property=\"og:title\" content=\"SVART P\u00c5 R\u00d6TT - KOMUDESIGNS\" \/>\n<meta property=\"og:description\" content=\"Nytryckt kattunhalskl\u00e4de med svarta fantasiblommor fr\u00e5n Sv\u00e4rdsj\u00f6, Dalarna\" \/>\n<meta property=\"og:url\" content=\"https:\/\/komudesigns.com\/en\/product\/svart-pa-rott\/\" \/>\n<meta property=\"og:site_name\" content=\"KOMUDESIGNS\" \/>\n<meta property=\"article:publisher\" content=\"https:\/\/www.facebook.com\/komudesigns\/\" \/>\n<meta property=\"article:modified_time\" content=\"2026-04-17T14:36:35+00:00\" \/>\n<meta property=\"og:image\" content=\"https:\/\/komudesigns.com\/wp-content\/uploads\/2025\/03\/0.kd_.Svart_.pa_.rott_.p.jpg\" \/>\n\t<meta property=\"og:image:width\" content=\"1200\" \/>\n\t<meta property=\"og:image:height\" content=\"1200\" \/>\n\t<meta property=\"og:image:type\" content=\"image\/jpeg\" \/>\n<meta name=\"twitter:card\" content=\"summary_large_image\" \/>\n<meta name=\"twitter:label1\" content=\"Estimated reading time\" \/>\n\t<meta name=\"twitter:data1\" content=\"6 minutes\" \/>\n<script type=\"application\/ld+json\" class=\"yoast-schema-graph\">{\"@context\":\"https:\\\/\\\/schema.org\",\"@graph\":[{\"@type\":\"WebPage\",\"@id\":\"https:\\\/\\\/komudesigns.com\\\/product\\\/svart-pa-rott\\\/\",\"url\":\"https:\\\/\\\/komudesigns.com\\\/product\\\/svart-pa-rott\\\/\",\"name\":\"SVART P\u00c5 R\u00d6TT - KOMUDESIGNS\",\"isPartOf\":{\"@id\":\"https:\\\/\\\/komudesigns.com\\\/sv\\\/hem\\\/#website\"},\"primaryImageOfPage\":{\"@id\":\"https:\\\/\\\/komudesigns.com\\\/product\\\/svart-pa-rott\\\/#primaryimage\"},\"image\":{\"@id\":\"https:\\\/\\\/komudesigns.com\\\/product\\\/svart-pa-rott\\\/#primaryimage\"},\"thumbnailUrl\":\"https:\\\/\\\/komudesigns.com\\\/wp-content\\\/uploads\\\/2025\\\/03\\\/0.kd_.Svart_.pa_.rott_.p.jpg\",\"datePublished\":\"2024-10-23T11:10:09+00:00\",\"dateModified\":\"2026-04-17T14:36:35+00:00\",\"description\":\"Nytryckt kattunhalskl\u00e4de med svarta fantasiblommor fr\u00e5n Sv\u00e4rdsj\u00f6, Dalarna\",\"breadcrumb\":{\"@id\":\"https:\\\/\\\/komudesigns.com\\\/product\\\/svart-pa-rott\\\/#breadcrumb\"},\"inLanguage\":\"en-GB\",\"potentialAction\":[{\"@type\":\"ReadAction\",\"target\":[\"https:\\\/\\\/komudesigns.com\\\/product\\\/svart-pa-rott\\\/\"]}]},{\"@type\":\"ImageObject\",\"inLanguage\":\"en-GB\",\"@id\":\"https:\\\/\\\/komudesigns.com\\\/product\\\/svart-pa-rott\\\/#primaryimage\",\"url\":\"https:\\\/\\\/komudesigns.com\\\/wp-content\\\/uploads\\\/2025\\\/03\\\/0.kd_.Svart_.pa_.rott_.p.jpg\",\"contentUrl\":\"https:\\\/\\\/komudesigns.com\\\/wp-content\\\/uploads\\\/2025\\\/03\\\/0.kd_.Svart_.pa_.rott_.p.jpg\",\"width\":1200,\"height\":1200},{\"@type\":\"BreadcrumbList\",\"@id\":\"https:\\\/\\\/komudesigns.com\\\/product\\\/svart-pa-rott\\\/#breadcrumb\",\"itemListElement\":[{\"@type\":\"ListItem\",\"position\":1,\"name\":\"Home\",\"item\":\"https:\\\/\\\/komudesigns.com\\\/\"},{\"@type\":\"ListItem\",\"position\":2,\"name\":\"BUTIK\",\"item\":\"https:\\\/\\\/komudesigns.com\\\/butik\\\/\"},{\"@type\":\"ListItem\",\"position\":3,\"name\":\"SVART P\u00c5 R\u00d6TT\"}]},{\"@type\":\"WebSite\",\"@id\":\"https:\\\/\\\/komudesigns.com\\\/sv\\\/hem\\\/#website\",\"url\":\"https:\\\/\\\/komudesigns.com\\\/sv\\\/hem\\\/\",\"name\":\"KOMUDESIGNS\",\"description\":\"\",\"publisher\":{\"@id\":\"https:\\\/\\\/komudesigns.com\\\/sv\\\/hem\\\/#organization\"},\"potentialAction\":[{\"@type\":\"SearchAction\",\"target\":{\"@type\":\"EntryPoint\",\"urlTemplate\":\"https:\\\/\\\/komudesigns.com\\\/sv\\\/hem\\\/?s={search_term_string}\"},\"query-input\":{\"@type\":\"PropertyValueSpecification\",\"valueRequired\":true,\"valueName\":\"search_term_string\"}}],\"inLanguage\":\"en-GB\"},{\"@type\":\"Organization\",\"@id\":\"https:\\\/\\\/komudesigns.com\\\/sv\\\/hem\\\/#organization\",\"name\":\"KOMUDESIGNS Kommanditbolag\",\"url\":\"https:\\\/\\\/komudesigns.com\\\/sv\\\/hem\\\/\",\"logo\":{\"@type\":\"ImageObject\",\"inLanguage\":\"en-GB\",\"@id\":\"https:\\\/\\\/komudesigns.com\\\/sv\\\/hem\\\/#\\\/schema\\\/logo\\\/image\\\/\",\"url\":\"https:\\\/\\\/komudesigns.com\\\/wp-content\\\/uploads\\\/2022\\\/12\\\/komudesigns.jpg\",\"contentUrl\":\"https:\\\/\\\/komudesigns.com\\\/wp-content\\\/uploads\\\/2022\\\/12\\\/komudesigns.jpg\",\"width\":300,\"height\":300,\"caption\":\"KOMUDESIGNS Kommanditbolag\"},\"image\":{\"@id\":\"https:\\\/\\\/komudesigns.com\\\/sv\\\/hem\\\/#\\\/schema\\\/logo\\\/image\\\/\"},\"sameAs\":[\"https:\\\/\\\/www.facebook.com\\\/komudesigns\\\/\",\"https:\\\/\\\/www.instagram.com\\\/komudesigns\\\/\"]}]}<\/script>\n<!-- \/ Yoast SEO plugin. -->","yoast_head_json":{"title":"SVART P\u00c5 R\u00d6TT - KOMUDESIGNS","description":"Nytryckt kattunhalskl\u00e4de med svarta fantasiblommor fr\u00e5n Sv\u00e4rdsj\u00f6, Dalarna","robots":{"index":"index","follow":"follow","max-snippet":"max-snippet:-1","max-image-preview":"max-image-preview:large","max-video-preview":"max-video-preview:-1"},"canonical":"https:\/\/komudesigns.com\/en\/product\/svart-pa-rott\/","og_locale":"en_GB","og_type":"article","og_title":"SVART P\u00c5 R\u00d6TT - KOMUDESIGNS","og_description":"Nytryckt kattunhalskl\u00e4de med svarta fantasiblommor fr\u00e5n Sv\u00e4rdsj\u00f6, Dalarna","og_url":"https:\/\/komudesigns.com\/en\/product\/svart-pa-rott\/","og_site_name":"KOMUDESIGNS","article_publisher":"https:\/\/www.facebook.com\/komudesigns\/","article_modified_time":"2026-04-17T14:36:35+00:00","og_image":[{"width":1200,"height":1200,"url":"https:\/\/komudesigns.com\/wp-content\/uploads\/2025\/03\/0.kd_.Svart_.pa_.rott_.p.jpg","type":"image\/jpeg"}],"twitter_card":"summary_large_image","twitter_misc":{"Estimated reading time":"6 minutes"},"schema":{"@context":"https:\/\/schema.org","@graph":[{"@type":"WebPage","@id":"https:\/\/komudesigns.com\/product\/svart-pa-rott\/","url":"https:\/\/komudesigns.com\/product\/svart-pa-rott\/","name":"SVART P\u00c5 R\u00d6TT - KOMUDESIGNS","isPartOf":{"@id":"https:\/\/komudesigns.com\/sv\/hem\/#website"},"primaryImageOfPage":{"@id":"https:\/\/komudesigns.com\/product\/svart-pa-rott\/#primaryimage"},"image":{"@id":"https:\/\/komudesigns.com\/product\/svart-pa-rott\/#primaryimage"},"thumbnailUrl":"https:\/\/komudesigns.com\/wp-content\/uploads\/2025\/03\/0.kd_.Svart_.pa_.rott_.p.jpg","datePublished":"2024-10-23T11:10:09+00:00","dateModified":"2026-04-17T14:36:35+00:00","description":"Nytryckt kattunhalskl\u00e4de med svarta fantasiblommor fr\u00e5n Sv\u00e4rdsj\u00f6, Dalarna","breadcrumb":{"@id":"https:\/\/komudesigns.com\/product\/svart-pa-rott\/#breadcrumb"},"inLanguage":"en-GB","potentialAction":[{"@type":"ReadAction","target":["https:\/\/komudesigns.com\/product\/svart-pa-rott\/"]}]},{"@type":"ImageObject","inLanguage":"en-GB","@id":"https:\/\/komudesigns.com\/product\/svart-pa-rott\/#primaryimage","url":"https:\/\/komudesigns.com\/wp-content\/uploads\/2025\/03\/0.kd_.Svart_.pa_.rott_.p.jpg","contentUrl":"https:\/\/komudesigns.com\/wp-content\/uploads\/2025\/03\/0.kd_.Svart_.pa_.rott_.p.jpg","width":1200,"height":1200},{"@type":"BreadcrumbList","@id":"https:\/\/komudesigns.com\/product\/svart-pa-rott\/#breadcrumb","itemListElement":[{"@type":"ListItem","position":1,"name":"Home","item":"https:\/\/komudesigns.com\/"},{"@type":"ListItem","position":2,"name":"BUTIK","item":"https:\/\/komudesigns.com\/butik\/"},{"@type":"ListItem","position":3,"name":"SVART P\u00c5 R\u00d6TT"}]},{"@type":"WebSite","@id":"https:\/\/komudesigns.com\/sv\/hem\/#website","url":"https:\/\/komudesigns.com\/sv\/hem\/","name":"COMFORT DESIGN","description":"","publisher":{"@id":"https:\/\/komudesigns.com\/sv\/hem\/#organization"},"potentialAction":[{"@type":"SearchAction","target":{"@type":"EntryPoint","urlTemplate":"https:\/\/komudesigns.com\/sv\/hem\/?s={search_term_string}"},"query-input":{"@type":"PropertyValueSpecification","valueRequired":true,"valueName":"search_term_string"}}],"inLanguage":"en-GB"},{"@type":"Organization","@id":"https:\/\/komudesigns.com\/sv\/hem\/#organization","name":"KOMUDESIGNS Kommanditbolag","url":"https:\/\/komudesigns.com\/sv\/hem\/","logo":{"@type":"ImageObject","inLanguage":"en-GB","@id":"https:\/\/komudesigns.com\/sv\/hem\/#\/schema\/logo\/image\/","url":"https:\/\/komudesigns.com\/wp-content\/uploads\/2022\/12\/komudesigns.jpg","contentUrl":"https:\/\/komudesigns.com\/wp-content\/uploads\/2022\/12\/komudesigns.jpg","width":300,"height":300,"caption":"KOMUDESIGNS Kommanditbolag"},"image":{"@id":"https:\/\/komudesigns.com\/sv\/hem\/#\/schema\/logo\/image\/"},"sameAs":["https:\/\/www.facebook.com\/komudesigns\/","https:\/\/www.instagram.com\/komudesigns\/"]}]}},"wcol_rules":[],"builder_content":"<ul><li><h4>PRODUKTFAKTA<\/h4><p>Storleken p\u00e5 kl\u00e4det \u00e4r 84x84 cm inkl. 1 cm s\u00f6msm\u00e5n runt om.\u00a0Nu tillg\u00e4ngligt i tv\u00e5 olika tygkvaliteter, se mer nedan under \"information\".<\/p> <p>F\u00f6rslag p\u00e5 s\u00f6mnad: Inga uppgifter fr\u00e5n museet, men enligt bild b\u00f6r det vara en smal rullf\u00e5ll, ca 1 mm. R\u00f6d tunn tr\u00e5d, lin eller m\u00f6jligen bomull.<br>F\u00f6rlagans m\u00e5tt: 82x82 cm<br>F\u00f6rlagan finns hos:\u00a0Dalarnas museum<br>Identifikationsnummer:\u00a0DM 06502<br><a href=\"https:\/\/digitaltmuseum.se\/0210212364542\/halsklade\">Se originalet p\u00e5 DigitaltMuseum<\/a><br><img loading=\"lazy\" decoding=\"async\" title=\"Cc.logo.circle.svg\" src=\"https:\/\/komudesigns.com\/wp-content\/uploads\/2024\/10\/Cc.logo_.circle.svg.png\" alt=\"Cc.logo.circle.svg\" width=\"20\" height=\"20\">\u00a0BY-SA<\/p> <p style=\"font-size: 11px;\"><i>F\u00e4rgerna p\u00e5 den fysiska produkten kan skilja sig n\u00e5got fr\u00e5n produktbilderna d\u00e5 f\u00e4rger kan variera beroende p\u00e5 ljuss\u00e4ttning och f\u00e4rg\u00e5tergivning mellan olika bildsk\u00e4rmar.<\/i><\/p> <h2><img loading=\"lazy\" decoding=\"async\" style=\"font-size: 16px;\" src=\"https:\/\/komudesigns.com\/wp-content\/uploads\/2024\/10\/oekotex-300x170.jpg\" alt=\"\" width=\"177\" height=\"100\" srcset=\"https:\/\/komudesigns.com\/wp-content\/uploads\/2024\/10\/oekotex-300x170.jpg 300w, https:\/\/komudesigns.com\/wp-content\/uploads\/2024\/10\/oekotex-18x10.jpg 18w, https:\/\/komudesigns.com\/wp-content\/uploads\/2024\/10\/oekotex.jpg 343w\" sizes=\"auto, (max-width: 177px) 100vw, 177px\" \/><\/h2><\/li><\/ul>\n<p>Storleken p\u00e5 kl\u00e4det \u00e4r 84x84 cm inkl. 1 cm s\u00f6msm\u00e5n runt om.\u00a0Nu tillg\u00e4ngligt i tv\u00e5 olika tygkvaliteter, se mer nedan under \"information\".<\/p> <p>F\u00f6rslag p\u00e5 s\u00f6mnad: Inga uppgifter fr\u00e5n museet, men enligt bild b\u00f6r det vara en smal rullf\u00e5ll, ca 1 mm. R\u00f6d tunn tr\u00e5d, lin eller m\u00f6jligen bomull.<br>F\u00f6rlagans m\u00e5tt: 82x82 cm<br>F\u00f6rlagan finns hos:\u00a0Dalarnas museum<br>Identifikationsnummer:\u00a0DM 06502<br><a href=\"https:\/\/digitaltmuseum.se\/0210212364542\/halsklade\">Se originalet p\u00e5 DigitaltMuseum<\/a><br><img loading=\"lazy\" decoding=\"async\" title=\"Cc.logo.circle.svg\" src=\"https:\/\/komudesigns.com\/wp-content\/uploads\/2024\/10\/Cc.logo_.circle.svg.png\" alt=\"Cc.logo.circle.svg\" width=\"20\" height=\"20\">\u00a0BY-SA<\/p> <p style=\"font-size: 11px;\"><i>F\u00e4rgerna p\u00e5 den fysiska produkten kan skilja sig n\u00e5got fr\u00e5n produktbilderna d\u00e5 f\u00e4rger kan variera beroende p\u00e5 ljuss\u00e4ttning och f\u00e4rg\u00e5tergivning mellan olika bildsk\u00e4rmar.<\/i><\/p> <h2><img loading=\"lazy\" decoding=\"async\" style=\"font-size: 16px;\" src=\"https:\/\/komudesigns.com\/wp-content\/uploads\/2024\/10\/oekotex-300x170.jpg\" alt=\"\" width=\"177\" height=\"100\" srcset=\"https:\/\/komudesigns.com\/wp-content\/uploads\/2024\/10\/oekotex-300x170.jpg 300w, https:\/\/komudesigns.com\/wp-content\/uploads\/2024\/10\/oekotex-18x10.jpg 18w, https:\/\/komudesigns.com\/wp-content\/uploads\/2024\/10\/oekotex.jpg 343w\" sizes=\"auto, (max-width: 177px) 100vw, 177px\" \/><\/h2>\n<ul><li><h4>INFORMATION<\/h4><h6 style=\"text-align: center;\">Nyhet! V\u00e4lj tygkvalitet sj\u00e4lv<\/h6> <h4 style=\"text-align: center;\">voile - 77 g<\/h4> <img src=\"https:\/\/komudesigns.com\/wp-content\/uploads\/2026\/04\/voile.jpg\" title=\"voile\" alt=\"voile\" srcset=\"https:\/\/komudesigns.com\/wp-content\/uploads\/2026\/04\/voile.jpg 654w, https:\/\/komudesigns.com\/wp-content\/uploads\/2026\/04\/voile-300x300.jpg 300w, https:\/\/komudesigns.com\/wp-content\/uploads\/2026\/04\/voile-80x80.jpg 80w, https:\/\/komudesigns.com\/wp-content\/uploads\/2026\/04\/voile-12x12.jpg 12w, https:\/\/komudesigns.com\/wp-content\/uploads\/2026\/04\/voile-100x100.jpg 100w\" sizes=\"(max-width: 654px) 100vw, 654px\" \/> <p>Luftigt, f\u00f6ljsamt bomullstyg med mjukt fall. Detta \u00e4r ett n\u00e5got genomskinligt tyg med mycket sl\u00e4t yta som b\u00e4st l\u00e4mpar sig till halskl\u00e4den och eventuellt f\u00f6rkl\u00e4den.\u00a0Passar inte lika bra till kl\u00e4desplagg om inte dessa ska vara v\u00e4ldigt tunna.<\/p> <p>Tryckbredd: 138 cm<br><strong style=\"letter-spacing: 0.6px;\">Vikt<\/strong>: 77 g\/m2<br><strong>Tr\u00e5dar per dm:<\/strong> 366 x 368<\/p> <h4 style=\"text-align: center;\">Kretong - 121 g<\/h4> <img src=\"https:\/\/komudesigns.com\/wp-content\/uploads\/2026\/04\/cretonne.jpg\" title=\"cretonne\" alt=\"cretonne\" srcset=\"https:\/\/komudesigns.com\/wp-content\/uploads\/2026\/04\/cretonne.jpg 654w, https:\/\/komudesigns.com\/wp-content\/uploads\/2026\/04\/cretonne-300x300.jpg 300w, https:\/\/komudesigns.com\/wp-content\/uploads\/2026\/04\/cretonne-80x80.jpg 80w, https:\/\/komudesigns.com\/wp-content\/uploads\/2026\/04\/cretonne-12x12.jpg 12w, https:\/\/komudesigns.com\/wp-content\/uploads\/2026\/04\/cretonne-100x100.jpg 100w\" sizes=\"(max-width: 654px) 100vw, 654px\" \/> <p>Lite styvare, bomullstyg med n\u00e5got stelare fall. Sl\u00e4tt men med n\u00e5got gr\u00f6vre tr\u00e5dar \u00e4n det tunnare tyget, ej genomskinligt. Tyget l\u00e4mpar sig b\u00e4st till livstycken, andra kl\u00e4desplagg samt till halskl\u00e4den om man vill ha dessa lite stelare.<\/p> <p>Tryckbredd: 154 cm<br><strong style=\"letter-spacing: 0.6px;\">Vikt<\/strong>: 121 g\/m2<br><strong>Tr\u00e5dar per dm:<\/strong> 302 x 272<\/p> <p><strong>100% bomull, tuskaft<\/strong><br>Tryck:\u00a0Digitaltryck med OEKO-TEX certifierade (vattenbaserade) f\u00e4rger. OBS! Bomull \u00e4r ett naturmaterial som kan ha sm\u00e5 l\u00f6sa fibrer i v\u00e4ven som l\u00e4gger sig uppep\u00e5 tyget \u2013 d\u00e4rf\u00f6r kan sm\u00e5 prickar vitt f\u00f6rekomma p\u00e5 den f\u00e4rdiga produkten. Dessa \u00e4r i s\u00e5 fall mycket sm\u00e5 och f\u00e5 i antal d\u00e5 b\u00e5da tygerna \u00e4r av j\u00e4mn, fin kvalitet. Detta kan h\u00e4nda p\u00e5 i princip alla naturmaterial med denna tryckteknik.\u00a0<strong><br>Produktionstid:<\/strong>\u00a03-8 arbetsdagar<br>Produktion:\u00a0Trycks av CottonBee i P\u0142ock, Polen. Produceras enbart p\u00e5 best\u00e4llning. Vid produktionen anv\u00e4nds inget vatten och minimalt med el och r\u00e5varor. Trycket fixeras med v\u00e4rme, inte kemikalier.<br>Tv\u00e4ttr\u00e5d:\u00a0Tv\u00e4tta endast f\u00f6r hand i kallt vatten f\u00f6r att undvika krympning \u2013 bomull \u00e4r ett naturmaterial som kan krympa ordentligt i varmvatten (ca 2%). Anv\u00e4nd inte tv\u00e4ttmedel med blekningsmedel. Produkter skall tv\u00e4ttas med avigsidan ut om m\u00f6jligt. Sy g\u00e4rna kanterna p\u00e5 ditt tyg f\u00f6re f\u00f6rsta tv\u00e4tten, f\u00f6r att s\u00e4kerst\u00e4lla att kanterna inte rispas upp.<\/p> <p>OBS! Alla fyrkantiga halskl\u00e4den har en del \u201dd\u00f6tt\u201d utrymme bredvid halskl\u00e4det beroende p\u00e5 dess storlek och tygkvalitet eftersom dessa har olika tryckbredder \u2013 f\u00f6r att g\u00f6ra det hela lite roligare s\u00e5 \u00e4r denna yta fylld med ett slumpm\u00e4ssig kattun fr\u00e5n Ovansj\u00f6. Halskl\u00e4det \u00e4r allts\u00e5 inte utklippt, utan det f\u00e5r man g\u00f6ra sj\u00e4lv d\u00e5 de skickas direkt fr\u00e5n CottonBee.\u00a0<\/p> <p><em>Har du best\u00e4llt halskl\u00e4den eller tyg innan april 2026 s\u00e5 har dessa tryckts p\u00e5 Kretong - 121g, f\u00f6rutom halskl\u00e4det Bl\u00e5kl\u00f6ver som tryckts p\u00e5 Voile - 77g.<\/em><\/p><\/li><\/ul>\n<h6 style=\"text-align: center;\">Nyhet! V\u00e4lj tygkvalitet sj\u00e4lv<\/h6>\n<h4 style=\"text-align: center;\">voile - 77 g<\/h4>\n<img src=\"https:\/\/komudesigns.com\/wp-content\/uploads\/2026\/04\/voile.jpg\" title=\"voile\" alt=\"voile\" srcset=\"https:\/\/komudesigns.com\/wp-content\/uploads\/2026\/04\/voile.jpg 654w, https:\/\/komudesigns.com\/wp-content\/uploads\/2026\/04\/voile-300x300.jpg 300w, https:\/\/komudesigns.com\/wp-content\/uploads\/2026\/04\/voile-80x80.jpg 80w, https:\/\/komudesigns.com\/wp-content\/uploads\/2026\/04\/voile-12x12.jpg 12w, https:\/\/komudesigns.com\/wp-content\/uploads\/2026\/04\/voile-100x100.jpg 100w\" sizes=\"(max-width: 654px) 100vw, 654px\" \/>\n<p>Luftigt, f\u00f6ljsamt bomullstyg med mjukt fall. Detta \u00e4r ett n\u00e5got genomskinligt tyg med mycket sl\u00e4t yta som b\u00e4st l\u00e4mpar sig till halskl\u00e4den och eventuellt f\u00f6rkl\u00e4den.\u00a0Passar inte lika bra till kl\u00e4desplagg om inte dessa ska vara v\u00e4ldigt tunna.<\/p> <p>Tryckbredd: 138 cm<br><strong style=\"letter-spacing: 0.6px;\">Vikt<\/strong>: 77 g\/m2<br><strong>Tr\u00e5dar per dm:<\/strong> 366 x 368<\/p>\n<h4 style=\"text-align: center;\">Kretong - 121 g<\/h4>\n<img src=\"https:\/\/komudesigns.com\/wp-content\/uploads\/2026\/04\/cretonne.jpg\" title=\"cretonne\" alt=\"cretonne\" srcset=\"https:\/\/komudesigns.com\/wp-content\/uploads\/2026\/04\/cretonne.jpg 654w, https:\/\/komudesigns.com\/wp-content\/uploads\/2026\/04\/cretonne-300x300.jpg 300w, https:\/\/komudesigns.com\/wp-content\/uploads\/2026\/04\/cretonne-80x80.jpg 80w, https:\/\/komudesigns.com\/wp-content\/uploads\/2026\/04\/cretonne-12x12.jpg 12w, https:\/\/komudesigns.com\/wp-content\/uploads\/2026\/04\/cretonne-100x100.jpg 100w\" sizes=\"(max-width: 654px) 100vw, 654px\" \/>\n<p>Lite styvare, bomullstyg med n\u00e5got stelare fall. Sl\u00e4tt men med n\u00e5got gr\u00f6vre tr\u00e5dar \u00e4n det tunnare tyget, ej genomskinligt. Tyget l\u00e4mpar sig b\u00e4st till livstycken, andra kl\u00e4desplagg samt till halskl\u00e4den om man vill ha dessa lite stelare.<\/p> <p>Tryckbredd: 154 cm<br><strong style=\"letter-spacing: 0.6px;\">Vikt<\/strong>: 121 g\/m2<br><strong>Tr\u00e5dar per dm:<\/strong> 302 x 272<\/p>\n<p><strong>100% bomull, tuskaft<\/strong><br>Tryck:\u00a0Digitaltryck med OEKO-TEX certifierade (vattenbaserade) f\u00e4rger. OBS! Bomull \u00e4r ett naturmaterial som kan ha sm\u00e5 l\u00f6sa fibrer i v\u00e4ven som l\u00e4gger sig uppep\u00e5 tyget \u2013 d\u00e4rf\u00f6r kan sm\u00e5 prickar vitt f\u00f6rekomma p\u00e5 den f\u00e4rdiga produkten. Dessa \u00e4r i s\u00e5 fall mycket sm\u00e5 och f\u00e5 i antal d\u00e5 b\u00e5da tygerna \u00e4r av j\u00e4mn, fin kvalitet. Detta kan h\u00e4nda p\u00e5 i princip alla naturmaterial med denna tryckteknik.\u00a0<strong><br>Produktionstid:<\/strong>\u00a03-8 arbetsdagar<br>Produktion:\u00a0Trycks av CottonBee i P\u0142ock, Polen. Produceras enbart p\u00e5 best\u00e4llning. Vid produktionen anv\u00e4nds inget vatten och minimalt med el och r\u00e5varor. Trycket fixeras med v\u00e4rme, inte kemikalier.<br>Tv\u00e4ttr\u00e5d:\u00a0Tv\u00e4tta endast f\u00f6r hand i kallt vatten f\u00f6r att undvika krympning \u2013 bomull \u00e4r ett naturmaterial som kan krympa ordentligt i varmvatten (ca 2%). Anv\u00e4nd inte tv\u00e4ttmedel med blekningsmedel. Produkter skall tv\u00e4ttas med avigsidan ut om m\u00f6jligt. Sy g\u00e4rna kanterna p\u00e5 ditt tyg f\u00f6re f\u00f6rsta tv\u00e4tten, f\u00f6r att s\u00e4kerst\u00e4lla att kanterna inte rispas upp.<\/p> <p>OBS! Alla fyrkantiga halskl\u00e4den har en del \u201dd\u00f6tt\u201d utrymme bredvid halskl\u00e4det beroende p\u00e5 dess storlek och tygkvalitet eftersom dessa har olika tryckbredder \u2013 f\u00f6r att g\u00f6ra det hela lite roligare s\u00e5 \u00e4r denna yta fylld med ett slumpm\u00e4ssig kattun fr\u00e5n Ovansj\u00f6. Halskl\u00e4det \u00e4r allts\u00e5 inte utklippt, utan det f\u00e5r man g\u00f6ra sj\u00e4lv d\u00e5 de skickas direkt fr\u00e5n CottonBee.\u00a0<\/p> <p><em>Har du best\u00e4llt halskl\u00e4den eller tyg innan april 2026 s\u00e5 har dessa tryckts p\u00e5 Kretong - 121g, f\u00f6rutom halskl\u00e4det Bl\u00e5kl\u00f6ver som tryckts p\u00e5 Voile - 77g.<\/em><\/p>\n<ul><li><h4>LEVERANS<\/h4><p>Leveranstid: Ditt halskl\u00e4de best\u00e4lls fr\u00e5n tryckeriet inom 3 vardagar. Efter det tar produktionen ca 3-8 dagar. Halskl\u00e4dena skickas direkt fr\u00e5n tryckeriet i Polen och tar ca 3-5 vardagar.<br>Frakt:\u00a0159 kr inom Sverige. Paket skickas sp\u00e5rbart med UPS eller FedEx. Fraktkostnad till andra l\u00e4nder ber\u00e4knas i kassan.<\/p><\/li><\/ul>\n<p>Leveranstid: Ditt halskl\u00e4de best\u00e4lls fr\u00e5n tryckeriet inom 3 vardagar. Efter det tar produktionen ca 3-8 dagar. Halskl\u00e4dena skickas direkt fr\u00e5n tryckeriet i Polen och tar ca 3-5 vardagar.<br>Frakt:\u00a0159 kr inom Sverige. Paket skickas sp\u00e5rbart med UPS eller FedEx. Fraktkostnad till andra l\u00e4nder ber\u00e4knas i kassan.<\/p>\n<ul><li><h4>LICENS<\/h4><p><strong>Foto p\u00e5 f\u00f6rlaga\/original:<br \/><\/strong><strong><a href=\"https:\/\/digitaltmuseum.se\/011023525522\/halsklade\">Halskl\u00e4de<\/a><\/strong> - Nordiska Museet<strong><br \/><\/strong>Fotograf: Eriksson, Elisabeth \/ Nordiska Museet<br \/>Licens: <a href=\"https:\/\/creativecommons.org\/licenses\/by\/4.0\/deed.sv\"><b><img loading=\"lazy\" decoding=\"async\" title=\"Cc.logo.circle.svg\" src=\"https:\/\/komudesigns.com\/wp-content\/uploads\/2024\/10\/Cc.logo_.circle.svg.png\" alt=\"Cc.logo.circle.svg\" width=\"20\" height=\"20\" \/>\u00a0BY-SA<\/b><\/a><\/p><p><em>Bilden \u00e4r beskuren och har kombinerats med en bildtext<\/em><\/p><p>Fysisk produkt:<br \/>Det tryckta halskl\u00e4det \u00e4r uppritat av mig med fotot ovan som referens<br \/><\/p><p>Produktfoton:<br \/>Fotograf: Dahlberg, Madelene \/ KOMUDESIGNS<\/p><\/li><\/ul>\n<p><strong>Foto p\u00e5 f\u00f6rlaga\/original:<br \/><\/strong><strong><a href=\"https:\/\/digitaltmuseum.se\/011023525522\/halsklade\">Halskl\u00e4de<\/a><\/strong> - Nordiska Museet<strong><br \/><\/strong>Fotograf: Eriksson, Elisabeth \/ Nordiska Museet<br \/>Licens: <a href=\"https:\/\/creativecommons.org\/licenses\/by\/4.0\/deed.sv\"><b><img loading=\"lazy\" decoding=\"async\" title=\"Cc.logo.circle.svg\" src=\"https:\/\/komudesigns.com\/wp-content\/uploads\/2024\/10\/Cc.logo_.circle.svg.png\" alt=\"Cc.logo.circle.svg\" width=\"20\" height=\"20\" \/>\u00a0BY-SA<\/b><\/a><\/p><p><em>Bilden \u00e4r beskuren och har kombinerats med en bildtext<\/em><\/p><p>Fysisk produkt:<br \/>Det tryckta halskl\u00e4det \u00e4r uppritat av mig med fotot ovan som referens<br \/><\/p><p>Produktfoton:<br \/>Fotograf: Dahlberg, Madelene \/ KOMUDESIGNS<\/p>","_links":{"self":[{"href":"https:\/\/komudesigns.com\/en\/wp-json\/wp\/v2\/product\/6635","targetHints":{"allow":["GET"]}}],"collection":[{"href":"https:\/\/komudesigns.com\/en\/wp-json\/wp\/v2\/product"}],"about":[{"href":"https:\/\/komudesigns.com\/en\/wp-json\/wp\/v2\/types\/product"}],"wp:featuredmedia":[{"embeddable":true,"href":"https:\/\/komudesigns.com\/en\/wp-json\/wp\/v2\/media\/7603"}],"wp:attachment":[{"href":"https:\/\/komudesigns.com\/en\/wp-json\/wp\/v2\/media?parent=6635"}],"wp:term":[{"taxonomy":"product_brand","embeddable":true,"href":"https:\/\/komudesigns.com\/en\/wp-json\/wp\/v2\/product_brand?post=6635"},{"taxonomy":"product_cat","embeddable":true,"href":"https:\/\/komudesigns.com\/en\/wp-json\/wp\/v2\/product_cat?post=6635"},{"taxonomy":"product_tag","embeddable":true,"href":"https:\/\/komudesigns.com\/en\/wp-json\/wp\/v2\/product_tag?post=6635"}],"curies":[{"name":"wp","href":"https:\/\/api.w.org\/{rel}","templated":true}]}}